{"id":535,"date":"2021-04-29T16:46:47","date_gmt":"2021-04-29T14:46:47","guid":{"rendered":"https:\/\/foretresiliente.be\/?page_id=535"},"modified":"2024-04-26T16:48:19","modified_gmt":"2024-04-26T14:48:19","slug":"faq","status":"publish","type":"page","link":"https:\/\/foretresiliente.be\/index.php\/faq\/","title":{"rendered":"FAQ"},"content":{"rendered":"\t\t<div data-elementor-type=\"wp-page\" data-elementor-id=\"535\" class=\"elementor elementor-535\" data-elementor-post-type=\"page\">\n\t\t\t\t\t\t\t\t\t<section class=\"elementor-section elementor-top-section elementor-element elementor-element-0404e3e elementor-section-boxed elementor-section-height-default elementor-section-height-default\" data-id=\"0404e3e\" data-element_type=\"section\" data-settings=\"{&quot;background_background&quot;:&quot;classic&quot;,&quot;shape_divider_top&quot;:&quot;triangle&quot;}\">\n\t\t\t\t\t<div class=\"elementor-shape elementor-shape-top\" data-negative=\"false\">\n\t\t\t<svg xmlns=\"http:\/\/www.w3.org\/2000\/svg\" viewBox=\"0 0 1000 100\" preserveAspectRatio=\"none\">\n\t<path class=\"elementor-shape-fill\" d=\"M500,98.9L0,6.1V0h1000v6.1L500,98.9z\"\/>\n<\/svg>\t\t<\/div>\n\t\t\t\t\t<div class=\"elementor-container elementor-column-gap-default\">\n\t\t\t\t\t<div class=\"elementor-column elementor-col-100 elementor-top-column elementor-element elementor-element-63d51f0\" data-id=\"63d51f0\" data-element_type=\"column\">\n\t\t\t<div class=\"elementor-widget-wrap elementor-element-populated\">\n\t\t\t\t\t\t\t\t<div class=\"elementor-element elementor-element-d05e9b6 elementor-widget elementor-widget-heading\" data-id=\"d05e9b6\" data-element_type=\"widget\" data-widget_type=\"heading.default\">\n\t\t\t\t<div class=\"elementor-widget-container\">\n\t\t\t<h2 class=\"elementor-heading-title elementor-size-default\">FAQ<\/h2>\t\t<\/div>\n\t\t\t\t<\/div>\n\t\t\t\t<div class=\"elementor-element elementor-element-b57bd06 elementor-widget elementor-widget-spacer\" data-id=\"b57bd06\" data-element_type=\"widget\" data-widget_type=\"spacer.default\">\n\t\t\t\t<div class=\"elementor-widget-container\">\n\t\t\t\t\t<div class=\"elementor-spacer\">\n\t\t\t<div class=\"elementor-spacer-inner\"><\/div>\n\t\t<\/div>\n\t\t\t\t<\/div>\n\t\t\t\t<\/div>\n\t\t\t\t\t<\/div>\n\t\t<\/div>\n\t\t\t\t\t\t\t<\/div>\n\t\t<\/section>\n\t\t\t\t<section class=\"elementor-section elementor-top-section elementor-element elementor-element-281cd8c elementor-section-boxed elementor-section-height-default elementor-section-height-default\" data-id=\"281cd8c\" data-element_type=\"section\">\n\t\t\t\t\t\t<div class=\"elementor-container elementor-column-gap-default\">\n\t\t\t\t\t<div class=\"elementor-column elementor-col-100 elementor-top-column elementor-element elementor-element-edf3024\" data-id=\"edf3024\" data-element_type=\"column\">\n\t\t\t<div class=\"elementor-widget-wrap elementor-element-populated\">\n\t\t\t\t\t\t\t\t<div class=\"elementor-element elementor-element-e8d931a elementor-widget elementor-widget-heading\" data-id=\"e8d931a\" data-element_type=\"widget\" data-widget_type=\"heading.default\">\n\t\t\t\t<div class=\"elementor-widget-container\">\n\t\t\t<h2 class=\"elementor-heading-title elementor-size-default\">L'APPEL \u00e0 PROJET<\/h2>\t\t<\/div>\n\t\t\t\t<\/div>\n\t\t\t\t<div class=\"elementor-element elementor-element-ca81ba1 elementor-widget elementor-widget-toggle\" data-id=\"ca81ba1\" data-element_type=\"widget\" data-widget_type=\"toggle.default\">\n\t\t\t\t<div class=\"elementor-widget-container\">\n\t\t\t\t\t<div class=\"elementor-toggle\">\n\t\t\t\t\t\t\t<div class=\"elementor-toggle-item\">\n\t\t\t\t\t<div id=\"elementor-tab-title-2121\" class=\"elementor-tab-title\" data-tab=\"1\" role=\"button\" aria-controls=\"elementor-tab-content-2121\" aria-expanded=\"false\">\n\t\t\t\t\t\t\t\t\t\t\t\t<span class=\"elementor-toggle-icon elementor-toggle-icon-left\" aria-hidden=\"true\">\n\t\t\t\t\t\t\t\t\t\t\t\t\t\t\t<span class=\"elementor-toggle-icon-closed\"><i class=\"far fa-question-circle\"><\/i><\/span>\n\t\t\t\t\t\t\t\t<span class=\"elementor-toggle-icon-opened\"><i class=\"elementor-toggle-icon-opened fas fa-angle-double-up\"><\/i><\/span>\n\t\t\t\t\t\t\t\t\t\t\t\t\t<\/span>\n\t\t\t\t\t\t\t\t\t\t\t\t<a class=\"elementor-toggle-title\" tabindex=\"0\">QUI PEUT PR\u00c9TENDRE AU FORFAIT ?<\/a>\n\t\t\t\t\t<\/div>\n\n\t\t\t\t\t<div id=\"elementor-tab-content-2121\" class=\"elementor-tab-content elementor-clearfix\" data-tab=\"1\" role=\"region\" aria-labelledby=\"elementor-tab-title-2121\"><p style=\"font-family: Roboto, sans-serif;\">Les propri\u00e9taires priv\u00e9s d\u2019une for\u00eat situ\u00e9e en Wallonie, \u00e0 condition que leur parcelle :<br \/>\u2022 Ait une surface d\u2019au moins 25 ares (un seul tenant ou plusieurs trou\u00e9es)<br \/>\u2022 Ait fait l\u2019objet d\u2019une coupe entre le 1er janvier 2014 et le 31 mars 2024<br \/>\u2022 Soit en zone foresti\u00e8re, agricole ou de parc au plan de secteur. Les parcelles en zone naturelle, de loisir ou d\u2019espace vert au plan de secteur sont \u00e9ligibles au seul forfait \u00ab biodiversit\u00e9 \u00bb<br \/>\u2022 Ne b\u00e9n\u00e9ficie pas d\u2019une autre aide publique \u00e0 la r\u00e9g\u00e9n\u00e9ration ou \u00e0 la diversification<\/p><\/div>\n\t\t\t\t<\/div>\n\t\t\t\t\t\t\t<div class=\"elementor-toggle-item\">\n\t\t\t\t\t<div id=\"elementor-tab-title-2122\" class=\"elementor-tab-title\" data-tab=\"2\" role=\"button\" aria-controls=\"elementor-tab-content-2122\" aria-expanded=\"false\">\n\t\t\t\t\t\t\t\t\t\t\t\t<span class=\"elementor-toggle-icon elementor-toggle-icon-left\" aria-hidden=\"true\">\n\t\t\t\t\t\t\t\t\t\t\t\t\t\t\t<span class=\"elementor-toggle-icon-closed\"><i class=\"far fa-question-circle\"><\/i><\/span>\n\t\t\t\t\t\t\t\t<span class=\"elementor-toggle-icon-opened\"><i class=\"elementor-toggle-icon-opened fas fa-angle-double-up\"><\/i><\/span>\n\t\t\t\t\t\t\t\t\t\t\t\t\t<\/span>\n\t\t\t\t\t\t\t\t\t\t\t\t<a class=\"elementor-toggle-title\" tabindex=\"0\">JE SUIS UN PROPRI\u00c9TAIRE PUBLIC, QUI PUIS-JE CONTACTER ? \u200b<\/a>\n\t\t\t\t\t<\/div>\n\n\t\t\t\t\t<div id=\"elementor-tab-content-2122\" class=\"elementor-tab-content elementor-clearfix\" data-tab=\"2\" role=\"region\" aria-labelledby=\"elementor-tab-title-2122\"><p>Vous pouvez contacter le D\u00e9partement de la Nature et des For\u00eats du SPW ARNE pour conna\u00eetre la proc\u00e9dure d\u2019octroi de l\u2019aide en for\u00eats publiques.<\/p><\/div>\n\t\t\t\t<\/div>\n\t\t\t\t\t\t\t<div class=\"elementor-toggle-item\">\n\t\t\t\t\t<div id=\"elementor-tab-title-2123\" class=\"elementor-tab-title\" data-tab=\"3\" role=\"button\" aria-controls=\"elementor-tab-content-2123\" aria-expanded=\"false\">\n\t\t\t\t\t\t\t\t\t\t\t\t<span class=\"elementor-toggle-icon elementor-toggle-icon-left\" aria-hidden=\"true\">\n\t\t\t\t\t\t\t\t\t\t\t\t\t\t\t<span class=\"elementor-toggle-icon-closed\"><i class=\"far fa-question-circle\"><\/i><\/span>\n\t\t\t\t\t\t\t\t<span class=\"elementor-toggle-icon-opened\"><i class=\"elementor-toggle-icon-opened fas fa-angle-double-up\"><\/i><\/span>\n\t\t\t\t\t\t\t\t\t\t\t\t\t<\/span>\n\t\t\t\t\t\t\t\t\t\t\t\t<a class=\"elementor-toggle-title\" tabindex=\"0\">QUAND DOIS-JE INTRODUIRE MA DEMANDE ?\u200b<\/a>\n\t\t\t\t\t<\/div>\n\n\t\t\t\t\t<div id=\"elementor-tab-content-2123\" class=\"elementor-tab-content elementor-clearfix\" data-tab=\"3\" role=\"region\" aria-labelledby=\"elementor-tab-title-2123\">Les dossiers de candidature de l\u2019appel \u00e0 projets sont introduits imp\u00e9rativement par voie \u00e9lectronique <strong>au plus tard le 31 juillet 2024<\/strong> via <a href=\"https:\/\/primes.filiereboiswallonie.be\" target=\"_blank\" rel=\"noopener\">le formulaire en ligne.<\/a><\/div>\n\t\t\t\t<\/div>\n\t\t\t\t\t\t\t<div class=\"elementor-toggle-item\">\n\t\t\t\t\t<div id=\"elementor-tab-title-2124\" class=\"elementor-tab-title\" data-tab=\"4\" role=\"button\" aria-controls=\"elementor-tab-content-2124\" aria-expanded=\"false\">\n\t\t\t\t\t\t\t\t\t\t\t\t<span class=\"elementor-toggle-icon elementor-toggle-icon-left\" aria-hidden=\"true\">\n\t\t\t\t\t\t\t\t\t\t\t\t\t\t\t<span class=\"elementor-toggle-icon-closed\"><i class=\"far fa-question-circle\"><\/i><\/span>\n\t\t\t\t\t\t\t\t<span class=\"elementor-toggle-icon-opened\"><i class=\"elementor-toggle-icon-opened fas fa-angle-double-up\"><\/i><\/span>\n\t\t\t\t\t\t\t\t\t\t\t\t\t<\/span>\n\t\t\t\t\t\t\t\t\t\t\t\t<a class=\"elementor-toggle-title\" tabindex=\"0\">QUELS SONT LES CRIT\u00c8RES D\u2019OCTROI du forfait ?<\/a>\n\t\t\t\t\t<\/div>\n\n\t\t\t\t\t<div id=\"elementor-tab-content-2124\" class=\"elementor-tab-content elementor-clearfix\" data-tab=\"4\" role=\"region\" aria-labelledby=\"elementor-tab-title-2124\">Les forfaits sont octroy\u00e9es dans les limites de l\u2019enveloppe budg\u00e9taire sur base du classement issu des crit\u00e8res de s\u00e9lection suivants (les projets r\u00e9coltant le plus grand nombre de points \u00e9tant class\u00e9s en t\u00eate de liste) :\n<ul>\n \t<li>La r\u00e9g\u00e9n\u00e9ration fait suite \u00e0 une coupe sanitaire ou concerne la diversification d\u2019un peuplement d\u00e9p\u00e9rissant (2 points)<\/li>\n<li>Le projet se base sur la r\u00e9g\u00e9n\u00e9ration naturelle d\u2019au moins 2 essences (2 points) ou une essence (1 point)<\/li>\n<li>Les parcelles n\u2019ont pas \u00e9t\u00e9 gyrobroy\u00e9es (3 points)<\/li>\n<li>M\u00e9lange pied \u00e0 pied ou par maximum 5 individus d\u2019une m\u00eame esp\u00e8ce (2 points)<\/li>\n<li>Le projet rel\u00e8ve du forfait 3 ou 4 (2 points)<\/li>\n<li>La propri\u00e9t\u00e9 est certifi\u00e9e pour sa gestion durable (1 point)<\/li>\n<li>Le dossier a \u00e9t\u00e9 pr\u00e9par\u00e9 par un expert forestier reconnu dans le cadre de l\u2019appel \u00e0 projets (1 point)<\/li>\n<li>Le projet n\u2019inclut aucune essence consid\u00e9r\u00e9e comme potentiellement envahissantes (1 point)<\/li>\n<li>Le propri\u00e9taire n\u2019a pas encore b\u00e9n\u00e9fici\u00e9 d\u2019un soutien \u00ab For\u00eat r\u00e9siliente \u00bb (1 point)<\/li><\/ul>\n<br>\nLes projets r\u00e9coltant le m\u00eame nombre de points seront class\u00e9s en fonction de la date d\u2019introduction du dossier.<\/div>\n\t\t\t\t<\/div>\n\t\t\t\t\t\t\t<div class=\"elementor-toggle-item\">\n\t\t\t\t\t<div id=\"elementor-tab-title-2125\" class=\"elementor-tab-title\" data-tab=\"5\" role=\"button\" aria-controls=\"elementor-tab-content-2125\" aria-expanded=\"false\">\n\t\t\t\t\t\t\t\t\t\t\t\t<span class=\"elementor-toggle-icon elementor-toggle-icon-left\" aria-hidden=\"true\">\n\t\t\t\t\t\t\t\t\t\t\t\t\t\t\t<span class=\"elementor-toggle-icon-closed\"><i class=\"far fa-question-circle\"><\/i><\/span>\n\t\t\t\t\t\t\t\t<span class=\"elementor-toggle-icon-opened\"><i class=\"elementor-toggle-icon-opened fas fa-angle-double-up\"><\/i><\/span>\n\t\t\t\t\t\t\t\t\t\t\t\t\t<\/span>\n\t\t\t\t\t\t\t\t\t\t\t\t<a class=\"elementor-toggle-title\" tabindex=\"0\">QUELS SONT LES TYPES DE FORFAITS ?<\/a>\n\t\t\t\t\t<\/div>\n\n\t\t\t\t\t<div id=\"elementor-tab-content-2125\" class=\"elementor-tab-content elementor-clearfix\" data-tab=\"5\" role=\"region\" aria-labelledby=\"elementor-tab-title-2125\">\t\t<div data-elementor-type=\"section\" data-elementor-id=\"318\" class=\"elementor elementor-318\" data-elementor-post-type=\"elementor_library\">\n\t\t\t\t\t\t\t\t<section class=\"elementor-section elementor-top-section elementor-element elementor-element-ae09827 elementor-section-boxed elementor-section-height-default elementor-section-height-default\" data-id=\"ae09827\" data-element_type=\"section\">\n\t\t\t\t\t\t<div class=\"elementor-container elementor-column-gap-default\">\n\t\t\t\t\t<div class=\"elementor-column elementor-col-100 elementor-top-column elementor-element elementor-element-35cbb35\" data-id=\"35cbb35\" data-element_type=\"column\">\n\t\t\t<div class=\"elementor-widget-wrap elementor-element-populated\">\n\t\t\t\t\t\t\t\t<div class=\"elementor-element elementor-element-b4cb8da elementor-widget elementor-widget-heading\" data-id=\"b4cb8da\" data-element_type=\"widget\" data-widget_type=\"heading.default\">\n\t\t\t\t<div class=\"elementor-widget-container\">\n\t\t\t<h2 class=\"elementor-heading-title elementor-size-default\">4 forfaits disponibles<\/h2>\t\t<\/div>\n\t\t\t\t<\/div>\n\t\t\t\t\t<\/div>\n\t\t<\/div>\n\t\t\t\t\t\t\t<\/div>\n\t\t<\/section>\n\t\t\t\t<section class=\"elementor-section elementor-top-section elementor-element elementor-element-60649e1 elementor-section-boxed elementor-section-height-default elementor-section-height-default\" data-id=\"60649e1\" data-element_type=\"section\">\n\t\t\t\t\t\t<div class=\"elementor-container elementor-column-gap-default\">\n\t\t\t\t\t<div class=\"elementor-column elementor-col-50 elementor-top-column elementor-element elementor-element-1c40918\" data-id=\"1c40918\" data-element_type=\"column\">\n\t\t\t<div class=\"elementor-widget-wrap elementor-element-populated\">\n\t\t\t\t\t\t\t\t<div class=\"elementor-element elementor-element-b460066 elementor-widget elementor-widget-heading\" data-id=\"b460066\" data-element_type=\"widget\" data-widget_type=\"heading.default\">\n\t\t\t\t<div class=\"elementor-widget-container\">\n\t\t\t<h2 class=\"elementor-heading-title elementor-size-default\">Jeune plantation <br>\nou r\u00e9g\u00e9n\u00e9ration naturelle <br>(< 10 ans)<\/h2>\t\t<\/div>\n\t\t\t\t<\/div>\n\t\t\t\t<div class=\"elementor-element elementor-element-f92f6ea elementor-hidden-phone elementor-widget elementor-widget-image\" data-id=\"f92f6ea\" data-element_type=\"widget\" data-widget_type=\"image.default\">\n\t\t\t\t<div class=\"elementor-widget-container\">\n\t\t\t\t\t\t\t\t\t\t\t\t\t\t\t<img decoding=\"async\" width=\"216\" height=\"238\" src=\"https:\/\/foretresiliente.be\/wp-content\/uploads\/2021\/04\/Capture-decran-2023-03-23-a-10.36.41.png\" class=\"attachment-large size-large wp-image-1243\" alt=\"\" loading=\"lazy\" \/>\t\t\t\t\t\t\t\t\t\t\t\t\t\t\t<\/div>\n\t\t\t\t<\/div>\n\t\t\t\t<div class=\"elementor-element elementor-element-96d289b elementor-widget elementor-widget-heading\" data-id=\"96d289b\" data-element_type=\"widget\" data-widget_type=\"heading.default\">\n\t\t\t\t<div class=\"elementor-widget-container\">\n\t\t\t<h2 class=\"elementor-heading-title elementor-size-default\">Forfait 1 <br>\nDiversification\/regarnissage<br>\nde jeunes peuplements<\/h2>\t\t<\/div>\n\t\t\t\t<\/div>\n\t\t\t\t<div class=\"elementor-element elementor-element-ca0d717 elementor-widget elementor-widget-heading\" data-id=\"ca0d717\" data-element_type=\"widget\" data-widget_type=\"heading.default\">\n\t\t\t\t<div class=\"elementor-widget-container\">\n\t\t\t<h2 class=\"elementor-heading-title elementor-size-default\">500 \u20ac\/ha<\/h2>\t\t<\/div>\n\t\t\t\t<\/div>\n\t\t\t\t<div class=\"elementor-element elementor-element-5ecb34d elementor-widget elementor-widget-text-editor\" data-id=\"5ecb34d\" data-element_type=\"widget\" data-widget_type=\"text-editor.default\">\n\t\t\t\t<div class=\"elementor-widget-container\">\n\t\t\t\t\t\t\tAu moins 3 essences.<br>\nEssences de diversification diff\u00e9rentes de celle(s) du peuplement initial\t\t\t\t\t\t<\/div>\n\t\t\t\t<\/div>\n\t\t\t\t<div class=\"elementor-element elementor-element-c4ccdcd elementor-widget elementor-widget-text-editor\" data-id=\"c4ccdcd\" data-element_type=\"widget\" data-widget_type=\"text-editor.default\">\n\t\t\t\t<div class=\"elementor-widget-container\">\n\t\t\t\t\t\t\tAucune d\u00e9favoris\u00e9e par rapport aux changements climatiques.\t\t\t\t\t\t<\/div>\n\t\t\t\t<\/div>\n\t\t\t\t\t<\/div>\n\t\t<\/div>\n\t\t\t\t<div class=\"elementor-column elementor-col-50 elementor-top-column elementor-element elementor-element-7e892e0\" data-id=\"7e892e0\" data-element_type=\"column\">\n\t\t\t<div class=\"elementor-widget-wrap elementor-element-populated\">\n\t\t\t\t\t\t\t\t<div class=\"elementor-element elementor-element-b155fbd elementor-widget elementor-widget-heading\" data-id=\"b155fbd\" data-element_type=\"widget\" data-widget_type=\"heading.default\">\n\t\t\t\t<div class=\"elementor-widget-container\">\n\t\t\t<h2 class=\"elementor-heading-title elementor-size-default\">R\u00e9g\u00e9n\u00e9ration apr\u00e8s coupe \u00e0 blanc<\/h2>\t\t<\/div>\n\t\t\t\t<\/div>\n\t\t\t\t<div class=\"elementor-element elementor-element-890a3f0 elementor-hidden-phone elementor-widget elementor-widget-image\" data-id=\"890a3f0\" data-element_type=\"widget\" data-widget_type=\"image.default\">\n\t\t\t\t<div class=\"elementor-widget-container\">\n\t\t\t\t\t\t\t\t\t\t\t\t\t\t\t<img decoding=\"async\" width=\"800\" height=\"146\" src=\"https:\/\/foretresiliente.be\/wp-content\/uploads\/2021\/04\/Capture-decran-2023-03-23-a-10.36.16-1024x187.png\" class=\"attachment-large size-large wp-image-1242\" alt=\"\" loading=\"lazy\" srcset=\"https:\/\/foretresiliente.be\/wp-content\/uploads\/2021\/04\/Capture-decran-2023-03-23-a-10.36.16-1024x187.png 1024w, https:\/\/foretresiliente.be\/wp-content\/uploads\/2021\/04\/Capture-decran-2023-03-23-a-10.36.16-300x55.png 300w, https:\/\/foretresiliente.be\/wp-content\/uploads\/2021\/04\/Capture-decran-2023-03-23-a-10.36.16-768x140.png 768w, https:\/\/foretresiliente.be\/wp-content\/uploads\/2021\/04\/Capture-decran-2023-03-23-a-10.36.16-1536x281.png 1536w, https:\/\/foretresiliente.be\/wp-content\/uploads\/2021\/04\/Capture-decran-2023-03-23-a-10.36.16.png 1708w\" sizes=\"(max-width: 800px) 100vw, 800px\" \/>\t\t\t\t\t\t\t\t\t\t\t\t\t\t\t<\/div>\n\t\t\t\t<\/div>\n\t\t\t\t<section class=\"elementor-section elementor-inner-section elementor-element elementor-element-8f3dd3d elementor-section-boxed elementor-section-height-default elementor-section-height-default\" data-id=\"8f3dd3d\" data-element_type=\"section\">\n\t\t\t\t\t\t<div class=\"elementor-container elementor-column-gap-default\">\n\t\t\t\t\t<div class=\"elementor-column elementor-col-33 elementor-inner-column elementor-element elementor-element-eaf7b43\" data-id=\"eaf7b43\" data-element_type=\"column\">\n\t\t\t<div class=\"elementor-widget-wrap elementor-element-populated\">\n\t\t\t\t\t\t\t\t<div class=\"elementor-element elementor-element-e8afc32 elementor-widget elementor-widget-heading\" data-id=\"e8afc32\" data-element_type=\"widget\" data-widget_type=\"heading.default\">\n\t\t\t\t<div class=\"elementor-widget-container\">\n\t\t\t<h2 class=\"elementor-heading-title elementor-size-default\">Forfait 2 <br>\nForfait de base<\/h2>\t\t<\/div>\n\t\t\t\t<\/div>\n\t\t\t\t<div class=\"elementor-element elementor-element-cb62927 elementor-widget elementor-widget-heading\" data-id=\"cb62927\" data-element_type=\"widget\" data-widget_type=\"heading.default\">\n\t\t\t\t<div class=\"elementor-widget-container\">\n\t\t\t<h2 class=\"elementor-heading-title elementor-size-default\">2000 \u20ac\/ha<\/h2>\t\t<\/div>\n\t\t\t\t<\/div>\n\t\t\t\t<div class=\"elementor-element elementor-element-28ce1a9 elementor-widget elementor-widget-text-editor\" data-id=\"28ce1a9\" data-element_type=\"widget\" data-widget_type=\"text-editor.default\">\n\t\t\t\t<div class=\"elementor-widget-container\">\n\t\t\t\t\t\t\tAu moins 3 essences dont au moins 1 biog\u00e8ne<br>\n<br>\n1 essence d\u00e9favoris\u00e9e par rapport aux changements climatiques si plantation, si \u00e0 l\u2019optimum sur la station et si max. 30 % du peuplement\t\t\t\t\t\t<\/div>\n\t\t\t\t<\/div>\n\t\t\t\t\t<\/div>\n\t\t<\/div>\n\t\t\t\t<div class=\"elementor-column elementor-col-33 elementor-inner-column elementor-element elementor-element-86abd72\" data-id=\"86abd72\" data-element_type=\"column\">\n\t\t\t<div class=\"elementor-widget-wrap elementor-element-populated\">\n\t\t\t\t\t\t\t\t<div class=\"elementor-element elementor-element-aaa706d elementor-widget elementor-widget-heading\" data-id=\"aaa706d\" data-element_type=\"widget\" data-widget_type=\"heading.default\">\n\t\t\t\t<div class=\"elementor-widget-container\">\n\t\t\t<h2 class=\"elementor-heading-title elementor-size-default\">Forfait 3 <br>\nEssences biog\u00e8nes<\/h2>\t\t<\/div>\n\t\t\t\t<\/div>\n\t\t\t\t<div class=\"elementor-element elementor-element-b7772e3 elementor-widget elementor-widget-heading\" data-id=\"b7772e3\" data-element_type=\"widget\" data-widget_type=\"heading.default\">\n\t\t\t\t<div class=\"elementor-widget-container\">\n\t\t\t<h2 class=\"elementor-heading-title elementor-size-default\">2500 \u20ac\/ha<\/h2>\t\t<\/div>\n\t\t\t\t<\/div>\n\t\t\t\t<div class=\"elementor-element elementor-element-d2edc57 elementor-widget elementor-widget-text-editor\" data-id=\"d2edc57\" data-element_type=\"widget\" data-widget_type=\"text-editor.default\">\n\t\t\t\t<div class=\"elementor-widget-container\">\n\t\t\t\t\t\t\tAu moins 3 essences dont au moins 2 biog\u00e8nes (min. 50 % du peuplement)<br>\n<br>\n0 essence non biog\u00e8ne et d\u00e9favoris\u00e9e par rapport aux changements climatiques (sauf r\u00e9g\u00e9n\u00e9ration naturelle \u00e0 l\u2019optimum sur la station)\t\t\t\t\t\t<\/div>\n\t\t\t\t<\/div>\n\t\t\t\t\t<\/div>\n\t\t<\/div>\n\t\t\t\t<div class=\"elementor-column elementor-col-33 elementor-inner-column elementor-element elementor-element-fd63833\" data-id=\"fd63833\" data-element_type=\"column\">\n\t\t\t<div class=\"elementor-widget-wrap elementor-element-populated\">\n\t\t\t\t\t\t\t\t<div class=\"elementor-element elementor-element-a86e836 elementor-widget elementor-widget-heading\" data-id=\"a86e836\" data-element_type=\"widget\" data-widget_type=\"heading.default\">\n\t\t\t\t<div class=\"elementor-widget-container\">\n\t\t\t<h2 class=\"elementor-heading-title elementor-size-default\">Forfait 4 <br>\nForfait biodiversit\u00e9<\/h2>\t\t<\/div>\n\t\t\t\t<\/div>\n\t\t\t\t<div class=\"elementor-element elementor-element-d7107f0 elementor-widget elementor-widget-heading\" data-id=\"d7107f0\" data-element_type=\"widget\" data-widget_type=\"heading.default\">\n\t\t\t\t<div class=\"elementor-widget-container\">\n\t\t\t<h2 class=\"elementor-heading-title elementor-size-default\">3000 \u20ac\/ha<\/h2>\t\t<\/div>\n\t\t\t\t<\/div>\n\t\t\t\t<div class=\"elementor-element elementor-element-8d0ac11 elementor-widget elementor-widget-text-editor\" data-id=\"8d0ac11\" data-element_type=\"widget\" data-widget_type=\"text-editor.default\">\n\t\t\t\t<div class=\"elementor-widget-container\">\n\t\t\t\t\t\t\t<p>Au moins 4 ou 5 essences biog\u00e8nes (min. 90 % du peuplement)<br \/><br \/>0 essence non biog\u00e8ne et d\u00e9favoris\u00e9e par rapport aux changements climatiques (sauf r\u00e9g\u00e9n\u00e9ration naturelle \u00e0 l\u2019optimum sur la station)<br \/>OU<br \/>Cr\u00e9ation de lisi\u00e8res de 10 \u00e0 20 m\u00e8tres de large constitu\u00e9es de min.<br \/>5 essences arbustives<\/p>\t\t\t\t\t\t<\/div>\n\t\t\t\t<\/div>\n\t\t\t\t\t<\/div>\n\t\t<\/div>\n\t\t\t\t\t\t\t<\/div>\n\t\t<\/section>\n\t\t\t\t\t<\/div>\n\t\t<\/div>\n\t\t\t\t\t\t\t<\/div>\n\t\t<\/section>\n\t\t\t\t\t\t<\/div>\n\t\t<\/div>\n\t\t\t\t<\/div>\n\t\t\t\t\t\t\t<div class=\"elementor-toggle-item\">\n\t\t\t\t\t<div id=\"elementor-tab-title-2126\" class=\"elementor-tab-title\" data-tab=\"6\" role=\"button\" aria-controls=\"elementor-tab-content-2126\" aria-expanded=\"false\">\n\t\t\t\t\t\t\t\t\t\t\t\t<span class=\"elementor-toggle-icon elementor-toggle-icon-left\" aria-hidden=\"true\">\n\t\t\t\t\t\t\t\t\t\t\t\t\t\t\t<span class=\"elementor-toggle-icon-closed\"><i class=\"far fa-question-circle\"><\/i><\/span>\n\t\t\t\t\t\t\t\t<span class=\"elementor-toggle-icon-opened\"><i class=\"elementor-toggle-icon-opened fas fa-angle-double-up\"><\/i><\/span>\n\t\t\t\t\t\t\t\t\t\t\t\t\t<\/span>\n\t\t\t\t\t\t\t\t\t\t\t\t<a class=\"elementor-toggle-title\" tabindex=\"0\">QUI compose LE COMIT\u00c9 DE SUIVI ?\u200b<\/a>\n\t\t\t\t\t<\/div>\n\n\t\t\t\t\t<div id=\"elementor-tab-content-2126\" class=\"elementor-tab-content elementor-clearfix\" data-tab=\"6\" role=\"region\" aria-labelledby=\"elementor-tab-title-2126\"><ul><li>Trois repr\u00e9sentants du D\u00e9partement de la Nature et des For\u00eats (DNF) dont un de la Direction de la Nature et des Espaces verts (DNEV) et un de la Direction des Ressources foresti\u00e8res (DRF)<\/li>\n<li>Un repr\u00e9sentant du D\u00e9partement de l\u2019Etude du Milieu naturel et Agricole (DEMNA)<\/li>\n<li>Un repr\u00e9sentant de Fili\u00e8re Bois Wallonie (FBW)<\/li>\n<li>Un repr\u00e9sentant de l\u2019UCLouvain<\/li>\n<li>Un repr\u00e9sentant de l\u2019ULi\u00e8ge \u2013 Gembloux Agro-Bio Tech<\/li>\n<li>Un repr\u00e9sentant de la F\u00e9d\u00e9ration Nationale des Experts Forestiers (FNEF)<\/li>\n<li>Un repr\u00e9sentant de la Cellule d\u2019appui \u00e0 la Petite For\u00eat priv\u00e9e<\/li>\n<\/ul>\n<br>\nSont \u00e9galement convi\u00e9s comme observateurs aux r\u00e9unions du Comit\u00e9 de suivi :\n<ul><li>Le(s) agents(s) administratifs de FBW en charge de la gestion de l\u2019appel \u00e0 projets<\/li>\n<li>Un repr\u00e9sentant de la soci\u00e9t\u00e9 d\u00e9sign\u00e9e dans le cadre du March\u00e9 de Service relatif \u00e0 la mission de formation \u00e0 la r\u00e9g\u00e9n\u00e9ration de for\u00eats r\u00e9silientes<\/li>\n<li>Un repr\u00e9sentant du Cabinet de la Ministre de la For\u00eat<\/li><\/ul><\/div>\n\t\t\t\t<\/div>\n\t\t\t\t\t\t\t<div class=\"elementor-toggle-item\">\n\t\t\t\t\t<div id=\"elementor-tab-title-2127\" class=\"elementor-tab-title\" data-tab=\"7\" role=\"button\" aria-controls=\"elementor-tab-content-2127\" aria-expanded=\"false\">\n\t\t\t\t\t\t\t\t\t\t\t\t<span class=\"elementor-toggle-icon elementor-toggle-icon-left\" aria-hidden=\"true\">\n\t\t\t\t\t\t\t\t\t\t\t\t\t\t\t<span class=\"elementor-toggle-icon-closed\"><i class=\"far fa-question-circle\"><\/i><\/span>\n\t\t\t\t\t\t\t\t<span class=\"elementor-toggle-icon-opened\"><i class=\"elementor-toggle-icon-opened fas fa-angle-double-up\"><\/i><\/span>\n\t\t\t\t\t\t\t\t\t\t\t\t\t<\/span>\n\t\t\t\t\t\t\t\t\t\t\t\t<a class=\"elementor-toggle-title\" tabindex=\"0\">QUEL EST LE R\u00d4LE DU COMIT\u00c9 DE SUIVI ? \u200b<\/a>\n\t\t\t\t\t<\/div>\n\n\t\t\t\t\t<div id=\"elementor-tab-content-2127\" class=\"elementor-tab-content elementor-clearfix\" data-tab=\"7\" role=\"region\" aria-labelledby=\"elementor-tab-title-2127\">Les missions du Comit\u00e9 de suivi sont :\n<ul>\n<li>Donner un avis technique pour les dossiers d\u00e9licats<\/li>\n<li>Valider les essences ne figurant pas dans le Tableau 1<\/li>\n<li>Valider les essences ne figurant pas au Dictionnaire des provenances recommandables<\/li>\n<li>En cas de diversification , valider le crit\u00e8re \u00ab d\u00e9p\u00e9rissant \u00bb des peuplements<\/li>\n<li>En cas de diversification, remettre un avis pr\u00e9alable concernant la plantation d\u2019essences identiques \u00e0 celles du peuplement principal pour les essences se r\u00e9g\u00e9n\u00e9rant difficilement naturellement ou soumises \u00e0 une forte pression de gibier<\/li>\n<li>Valider, sur base de l\u2019examen d\u2019un dossier, tout expert non reconnu par la F\u00e9d\u00e9ration Nationale des Experts Forestiers<\/li>\n<li>Analyser les demandes de recours<\/li>\n<li>Valider la liste des dossiers s\u00e9lectionn\u00e9s<\/li><\/ul><\/div>\n\t\t\t\t<\/div>\n\t\t\t\t\t\t\t<div class=\"elementor-toggle-item\">\n\t\t\t\t\t<div id=\"elementor-tab-title-2128\" class=\"elementor-tab-title\" data-tab=\"8\" role=\"button\" aria-controls=\"elementor-tab-content-2128\" aria-expanded=\"false\">\n\t\t\t\t\t\t\t\t\t\t\t\t<span class=\"elementor-toggle-icon elementor-toggle-icon-left\" aria-hidden=\"true\">\n\t\t\t\t\t\t\t\t\t\t\t\t\t\t\t<span class=\"elementor-toggle-icon-closed\"><i class=\"far fa-question-circle\"><\/i><\/span>\n\t\t\t\t\t\t\t\t<span class=\"elementor-toggle-icon-opened\"><i class=\"elementor-toggle-icon-opened fas fa-angle-double-up\"><\/i><\/span>\n\t\t\t\t\t\t\t\t\t\t\t\t\t<\/span>\n\t\t\t\t\t\t\t\t\t\t\t\t<a class=\"elementor-toggle-title\" tabindex=\"0\">Qu\u2019est-ce qu\u2019une for\u00eat ancienne et comment la reconna\u00eetre sur\u00a0WalOnMap ?<\/a>\n\t\t\t\t\t<\/div>\n\n\t\t\t\t\t<div id=\"elementor-tab-content-2128\" class=\"elementor-tab-content elementor-clearfix\" data-tab=\"8\" role=\"region\" aria-labelledby=\"elementor-tab-title-2128\"><p>Le r\u00e8glement de l\u2019appel \u00e0 projets For\u00eat R\u00e9siliente pr\u00e9voit que les plantations sur les parcelles consid\u00e9r\u00e9es comme des for\u00eats anciennes sur base de la cartographie (disponible sur WalOnMap) sont limit\u00e9es aux essences indig\u00e8nes et ne sont \u00e9ligibles qu\u2019apr\u00e8s coupe sanitaire document\u00e9e. Dans ce contexte, la d\u00e9nomination de for\u00eats anciennes se limite aux for\u00eats anciennes subnaturelles. La couleur sur WalOnMap est le vert fonc\u00e9.<\/p><\/div>\n\t\t\t\t<\/div>\n\t\t\t\t\t\t\t<div class=\"elementor-toggle-item\">\n\t\t\t\t\t<div id=\"elementor-tab-title-2129\" class=\"elementor-tab-title\" data-tab=\"9\" role=\"button\" aria-controls=\"elementor-tab-content-2129\" aria-expanded=\"false\">\n\t\t\t\t\t\t\t\t\t\t\t\t<span class=\"elementor-toggle-icon elementor-toggle-icon-left\" aria-hidden=\"true\">\n\t\t\t\t\t\t\t\t\t\t\t\t\t\t\t<span class=\"elementor-toggle-icon-closed\"><i class=\"far fa-question-circle\"><\/i><\/span>\n\t\t\t\t\t\t\t\t<span class=\"elementor-toggle-icon-opened\"><i class=\"elementor-toggle-icon-opened fas fa-angle-double-up\"><\/i><\/span>\n\t\t\t\t\t\t\t\t\t\t\t\t\t<\/span>\n\t\t\t\t\t\t\t\t\t\t\t\t<a class=\"elementor-toggle-title\" tabindex=\"0\">Le forfait est-il soumis \u00e0 l\u2019imp\u00f4t des personnes physiques ?<\/a>\n\t\t\t\t\t<\/div>\n\n\t\t\t\t\t<div id=\"elementor-tab-content-2129\" class=\"elementor-tab-content elementor-clearfix\" data-tab=\"9\" role=\"region\" aria-labelledby=\"elementor-tab-title-2129\"><p>Dans l\u2019hypoth\u00e8se ou\u0300 la subvention est obtenue par une personne physique qui n\u2019utilise pas les terres pour lesquelles la subvention est attribu\u00e9e, dans le cadre d\u2019une activite\u0301 professionnelle inde\u0301pendante et qui est propri\u00e9taire, usufruitier, emphyt\u00e9ote ou superficiaire des terres concern\u00e9es, la subvention peut e\u0302tre consid\u00e9r\u00e9e comme un revenu d\u2019op\u00e9ration de gestion normale d\u2019un patrimoine prive\u0301, auquel cas elle n\u2019est pas soumise aux imp\u00f4ts sur les revenus. Les subsides pour les gestionnaires de bois publics et prive\u0301s qui sont obtenus par le fermier ou le locataire du bois concerne\u0301 doivent cependant \u00eatre consid\u00e9r\u00e9es comme des revenus divers vis\u00e9s a\u0300 l\u2019article 90, 1\u00b0, du Code des imp\u00f4ts sur les revenus 1992 (Question parlementaire n\u00b0 3-5628 de M. Vankrunkelsven dd. 12.07.2006).<\/p><\/div>\n\t\t\t\t<\/div>\n\t\t\t\t\t\t\t<div class=\"elementor-toggle-item\">\n\t\t\t\t\t<div id=\"elementor-tab-title-21210\" class=\"elementor-tab-title\" data-tab=\"10\" role=\"button\" aria-controls=\"elementor-tab-content-21210\" aria-expanded=\"false\">\n\t\t\t\t\t\t\t\t\t\t\t\t<span class=\"elementor-toggle-icon elementor-toggle-icon-left\" aria-hidden=\"true\">\n\t\t\t\t\t\t\t\t\t\t\t\t\t\t\t<span class=\"elementor-toggle-icon-closed\"><i class=\"far fa-question-circle\"><\/i><\/span>\n\t\t\t\t\t\t\t\t<span class=\"elementor-toggle-icon-opened\"><i class=\"elementor-toggle-icon-opened fas fa-angle-double-up\"><\/i><\/span>\n\t\t\t\t\t\t\t\t\t\t\t\t\t<\/span>\n\t\t\t\t\t\t\t\t\t\t\t\t<a class=\"elementor-toggle-title\" tabindex=\"0\">DANS QUELS CAS FBW PEUT-IL ACCORDER UNE D\u00c9ROGATION AU GYROBROYAGE SUR PLUS DE 50 % DE LA SURFACE DE LA PARCELLE EN VUE DE SA R\u00c9G\u00c9N\u00c9RATION ?<\/a>\n\t\t\t\t\t<\/div>\n\n\t\t\t\t\t<div id=\"elementor-tab-content-21210\" class=\"elementor-tab-content elementor-clearfix\" data-tab=\"10\" role=\"region\" aria-labelledby=\"elementor-tab-title-21210\">FBW peut accorder une d\u00e9rogation en cas de blocage par les foug\u00e8res ou les ronces, par exemple, et s\u2019il n\u2019y a aucune autre solution de r\u00e9g\u00e9n\u00e9ration.  Une preuve document\u00e9e (photos) sera exig\u00e9e.<\/div>\n\t\t\t\t<\/div>\n\t\t\t\t\t\t\t<div class=\"elementor-toggle-item\">\n\t\t\t\t\t<div id=\"elementor-tab-title-21211\" class=\"elementor-tab-title\" data-tab=\"11\" role=\"button\" aria-controls=\"elementor-tab-content-21211\" aria-expanded=\"false\">\n\t\t\t\t\t\t\t\t\t\t\t\t<span class=\"elementor-toggle-icon elementor-toggle-icon-left\" aria-hidden=\"true\">\n\t\t\t\t\t\t\t\t\t\t\t\t\t\t\t<span class=\"elementor-toggle-icon-closed\"><i class=\"far fa-question-circle\"><\/i><\/span>\n\t\t\t\t\t\t\t\t<span class=\"elementor-toggle-icon-opened\"><i class=\"elementor-toggle-icon-opened fas fa-angle-double-up\"><\/i><\/span>\n\t\t\t\t\t\t\t\t\t\t\t\t\t<\/span>\n\t\t\t\t\t\t\t\t\t\t\t\t<a class=\"elementor-toggle-title\" tabindex=\"0\">Les parcelles d\u00e9j\u00e0 gyrobroy\u00e9es sont-elles d\u2019office exclues de l\u2019appel \u00e0 projet ?<\/a>\n\t\t\t\t\t<\/div>\n\n\t\t\t\t\t<div id=\"elementor-tab-content-21211\" class=\"elementor-tab-content elementor-clearfix\" data-tab=\"11\" role=\"region\" aria-labelledby=\"elementor-tab-title-21211\"><p>Les parcelles qui ont fait l\u2019objet d\u2019un gyrobroyage avant l\u2019appel \u00e0 projets ne sont pas exclues d\u2019office. Si le propri\u00e9taire a pris des photos de sa parcelle avant intervention et qu\u2019il ne s\u2019agit pas d\u2019un gyrobroyage en plein, les parcelles pourraient \u00eatre accept\u00e9es.<\/p><\/div>\n\t\t\t\t<\/div>\n\t\t\t\t\t\t\t<div class=\"elementor-toggle-item\">\n\t\t\t\t\t<div id=\"elementor-tab-title-21212\" class=\"elementor-tab-title\" data-tab=\"12\" role=\"button\" aria-controls=\"elementor-tab-content-21212\" aria-expanded=\"false\">\n\t\t\t\t\t\t\t\t\t\t\t\t<span class=\"elementor-toggle-icon elementor-toggle-icon-left\" aria-hidden=\"true\">\n\t\t\t\t\t\t\t\t\t\t\t\t\t\t\t<span class=\"elementor-toggle-icon-closed\"><i class=\"far fa-question-circle\"><\/i><\/span>\n\t\t\t\t\t\t\t\t<span class=\"elementor-toggle-icon-opened\"><i class=\"elementor-toggle-icon-opened fas fa-angle-double-up\"><\/i><\/span>\n\t\t\t\t\t\t\t\t\t\t\t\t\t<\/span>\n\t\t\t\t\t\t\t\t\t\t\t\t<a class=\"elementor-toggle-title\" tabindex=\"0\">DANS QUELS CAS LE COMIT\u00c9 DE SUIVI PEUT-IL ACCORDER UNE D\u00c9ROGATION \u00c0 UN PROJET SITU\u00c9 EN ZONE NATURELLE, DE LOISIR OU D\u2019ESPACE VERT AU PLAN DE SECTEUR POUR UN FORFAIT AUTRE QUE CELUI \u00ab BIODIVERSIT\u00c9 \u00bb ?<\/a>\n\t\t\t\t\t<\/div>\n\n\t\t\t\t\t<div id=\"elementor-tab-content-21212\" class=\"elementor-tab-content elementor-clearfix\" data-tab=\"12\" role=\"region\" aria-labelledby=\"elementor-tab-title-21212\"><p>Le comit\u00e9 de suivi n\u2019a pas encore tranch\u00e9 cette question. Elle le sera au cas par cas vu le faible nombre potentiel de ce type de demande.<\/p><\/div>\n\t\t\t\t<\/div>\n\t\t\t\t\t\t\t<div class=\"elementor-toggle-item\">\n\t\t\t\t\t<div id=\"elementor-tab-title-21213\" class=\"elementor-tab-title\" data-tab=\"13\" role=\"button\" aria-controls=\"elementor-tab-content-21213\" aria-expanded=\"false\">\n\t\t\t\t\t\t\t\t\t\t\t\t<span class=\"elementor-toggle-icon elementor-toggle-icon-left\" aria-hidden=\"true\">\n\t\t\t\t\t\t\t\t\t\t\t\t\t\t\t<span class=\"elementor-toggle-icon-closed\"><i class=\"far fa-question-circle\"><\/i><\/span>\n\t\t\t\t\t\t\t\t<span class=\"elementor-toggle-icon-opened\"><i class=\"elementor-toggle-icon-opened fas fa-angle-double-up\"><\/i><\/span>\n\t\t\t\t\t\t\t\t\t\t\t\t\t<\/span>\n\t\t\t\t\t\t\t\t\t\t\t\t<a class=\"elementor-toggle-title\" tabindex=\"0\">UNE PRAIRIE EN ZONE AGRICOLE, LIMITROPHE D\u2019UNE PARCELLE EN ZONE FORESTI\u00c8RE M\u2019APPARTENANT AUSSI, ET POUR LAQUELLE JE D\u00c9TIENS D\u00c9J\u00c0 L\u2019AUTORISATION DE LA COMMUNE POUR LA REBOISER, EST-ELLE ADMISSIBLE AU SOUTIEN R\u00c9GIONAL ?<\/a>\n\t\t\t\t\t<\/div>\n\n\t\t\t\t\t<div id=\"elementor-tab-content-21213\" class=\"elementor-tab-content elementor-clearfix\" data-tab=\"13\" role=\"region\" aria-labelledby=\"elementor-tab-title-21213\"><p>L\u2019appel \u00e0 projet For\u00eat R\u00e9siliente vise des projets de r\u00e9g\u00e9n\u00e9ration et de diversification. Les nouvelles plantations (boisement) ne sont donc pas \u00e9ligibles. Les nouvelles plantations en zones foresti\u00e8res sont autoris\u00e9es.<\/p><\/div>\n\t\t\t\t<\/div>\n\t\t\t\t\t\t\t<div class=\"elementor-toggle-item\">\n\t\t\t\t\t<div id=\"elementor-tab-title-21214\" class=\"elementor-tab-title\" data-tab=\"14\" role=\"button\" aria-controls=\"elementor-tab-content-21214\" aria-expanded=\"false\">\n\t\t\t\t\t\t\t\t\t\t\t\t<span class=\"elementor-toggle-icon elementor-toggle-icon-left\" aria-hidden=\"true\">\n\t\t\t\t\t\t\t\t\t\t\t\t\t\t\t<span class=\"elementor-toggle-icon-closed\"><i class=\"far fa-question-circle\"><\/i><\/span>\n\t\t\t\t\t\t\t\t<span class=\"elementor-toggle-icon-opened\"><i class=\"elementor-toggle-icon-opened fas fa-angle-double-up\"><\/i><\/span>\n\t\t\t\t\t\t\t\t\t\t\t\t\t<\/span>\n\t\t\t\t\t\t\t\t\t\t\t\t<a class=\"elementor-toggle-title\" tabindex=\"0\">POURQUOI SEULS SONT \u00c9LIGIBLES LES PEUPLEMENTS \u00c9QUIENNES, MONOSP\u00c9CIFIQUES OU D\u00c9P\u00c9RISSANTS ?<\/a>\n\t\t\t\t\t<\/div>\n\n\t\t\t\t\t<div id=\"elementor-tab-content-21214\" class=\"elementor-tab-content elementor-clearfix\" data-tab=\"14\" role=\"region\" aria-labelledby=\"elementor-tab-title-21214\"><p>Le but de ce soutien r\u00e9gional est de diversifier les peuplements constitu\u00e9s d\u2019une seule esp\u00e8ce afin de rendre la for\u00eat wallonne plus r\u00e9siliente face aux changements climatiques et plus accueillante pour la biodiversit\u00e9.<\/p><\/div>\n\t\t\t\t<\/div>\n\t\t\t\t\t\t\t<div class=\"elementor-toggle-item\">\n\t\t\t\t\t<div id=\"elementor-tab-title-21215\" class=\"elementor-tab-title\" data-tab=\"15\" role=\"button\" aria-controls=\"elementor-tab-content-21215\" aria-expanded=\"false\">\n\t\t\t\t\t\t\t\t\t\t\t\t<span class=\"elementor-toggle-icon elementor-toggle-icon-left\" aria-hidden=\"true\">\n\t\t\t\t\t\t\t\t\t\t\t\t\t\t\t<span class=\"elementor-toggle-icon-closed\"><i class=\"far fa-question-circle\"><\/i><\/span>\n\t\t\t\t\t\t\t\t<span class=\"elementor-toggle-icon-opened\"><i class=\"elementor-toggle-icon-opened fas fa-angle-double-up\"><\/i><\/span>\n\t\t\t\t\t\t\t\t\t\t\t\t\t<\/span>\n\t\t\t\t\t\t\t\t\t\t\t\t<a class=\"elementor-toggle-title\" tabindex=\"0\">QUELLES SONT LES CERTIFICATIONS DE GESTION DURABLE ENTRANT EN LIGNE DE COMPTE POUR LES CRIT\u00c8RES DE S\u00c9LECTION ?<\/a>\n\t\t\t\t\t<\/div>\n\n\t\t\t\t\t<div id=\"elementor-tab-content-21215\" class=\"elementor-tab-content elementor-clearfix\" data-tab=\"15\" role=\"region\" aria-labelledby=\"elementor-tab-title-21215\"><p>PEFC et FSC sont les deux labels actuellement utilis\u00e9s en Wallonie.<\/p><\/div>\n\t\t\t\t<\/div>\n\t\t\t\t\t\t\t<div class=\"elementor-toggle-item\">\n\t\t\t\t\t<div id=\"elementor-tab-title-21216\" class=\"elementor-tab-title\" data-tab=\"16\" role=\"button\" aria-controls=\"elementor-tab-content-21216\" aria-expanded=\"false\">\n\t\t\t\t\t\t\t\t\t\t\t\t<span class=\"elementor-toggle-icon elementor-toggle-icon-left\" aria-hidden=\"true\">\n\t\t\t\t\t\t\t\t\t\t\t\t\t\t\t<span class=\"elementor-toggle-icon-closed\"><i class=\"far fa-question-circle\"><\/i><\/span>\n\t\t\t\t\t\t\t\t<span class=\"elementor-toggle-icon-opened\"><i class=\"elementor-toggle-icon-opened fas fa-angle-double-up\"><\/i><\/span>\n\t\t\t\t\t\t\t\t\t\t\t\t\t<\/span>\n\t\t\t\t\t\t\t\t\t\t\t\t<a class=\"elementor-toggle-title\" tabindex=\"0\">SI MA PARCELLE SE TROUVE EN BORDURE D\u2019UNE PRAIRIE, TOUTES DEUX EN ZONE FORESTI\u00c8RE AU PLAN DE SECTEUR, DOIS-JE RESPECTER LA LIMITE DES 6 M\u00c8TRES ENTRE MA PLANTATION ET LA PRAIRIE ?<\/a>\n\t\t\t\t\t<\/div>\n\n\t\t\t\t\t<div id=\"elementor-tab-content-21216\" class=\"elementor-tab-content elementor-clearfix\" data-tab=\"16\" role=\"region\" aria-labelledby=\"elementor-tab-title-21216\"><p>Cette r\u00e8gle d\u2019ordre public s\u2019applique quand la parcelle \u00e0 \u00ab prot\u00e9ger \u00bb de toute plantation foresti\u00e8re est situ\u00e9e en zone agricole. Ce n\u2019est pas le cas ici puisque les deux parcelles sont en zone foresti\u00e8re au plan de secteur.<\/p><\/div>\n\t\t\t\t<\/div>\n\t\t\t\t\t\t\t\t<\/div>\n\t\t\t\t<\/div>\n\t\t\t\t<\/div>\n\t\t\t\t<div class=\"elementor-element elementor-element-ad64deb elementor-widget elementor-widget-heading\" data-id=\"ad64deb\" data-element_type=\"widget\" data-widget_type=\"heading.default\">\n\t\t\t\t<div class=\"elementor-widget-container\">\n\t\t\t<h2 class=\"elementor-heading-title elementor-size-default\">ACCOMPAGNEMENT \/ AIDE<\/h2>\t\t<\/div>\n\t\t\t\t<\/div>\n\t\t\t\t<div class=\"elementor-element elementor-element-7507bc7 elementor-widget elementor-widget-toggle\" data-id=\"7507bc7\" data-element_type=\"widget\" data-widget_type=\"toggle.default\">\n\t\t\t\t<div class=\"elementor-widget-container\">\n\t\t\t\t\t<div class=\"elementor-toggle\">\n\t\t\t\t\t\t\t<div class=\"elementor-toggle-item\">\n\t\t\t\t\t<div id=\"elementor-tab-title-1221\" class=\"elementor-tab-title\" data-tab=\"1\" role=\"button\" aria-controls=\"elementor-tab-content-1221\" aria-expanded=\"false\">\n\t\t\t\t\t\t\t\t\t\t\t\t<span class=\"elementor-toggle-icon elementor-toggle-icon-left\" aria-hidden=\"true\">\n\t\t\t\t\t\t\t\t\t\t\t\t\t\t\t<span class=\"elementor-toggle-icon-closed\"><i class=\"far fa-question-circle\"><\/i><\/span>\n\t\t\t\t\t\t\t\t<span class=\"elementor-toggle-icon-opened\"><i class=\"elementor-toggle-icon-opened fas fa-angle-double-up\"><\/i><\/span>\n\t\t\t\t\t\t\t\t\t\t\t\t\t<\/span>\n\t\t\t\t\t\t\t\t\t\t\t\t<a class=\"elementor-toggle-title\" tabindex=\"0\">QUI PEUT M\u2019AIDER \u00c0 R\u00c9FL\u00c9CHIR \u00c0 LA MEILLEURE R\u00c9G\u00c9N\u00c9RATION ET \u00c0 ENCODER MON DOSSIER ? \u200b<\/a>\n\t\t\t\t\t<\/div>\n\n\t\t\t\t\t<div id=\"elementor-tab-content-1221\" class=\"elementor-tab-content elementor-clearfix\" data-tab=\"1\" role=\"region\" aria-labelledby=\"elementor-tab-title-1221\">Les propri\u00e9taires peuvent b\u00e9n\u00e9ficier d\u2019un encadrement dans la pr\u00e9paration et la r\u00e9alisation de leur projet.\n\nPour les propri\u00e9t\u00e9s de plus de 5 hectares, cet accompagnement est r\u00e9alis\u00e9 par un expert ( <a href=\"https:\/\/experts-forestiers.be\/\" target=\"_blank\" rel=\"noopener\">experts-forestiers.be<\/a> ) et fait l\u2019objet d&#8217;un forfait compl\u00e9mentaire de <strong>maximum 420 \u20ac<\/strong>\n\nPour les propri\u00e9t\u00e9s de moins de 5 hectares, les propri\u00e9taires priv\u00e9s peuvent contacter les services de la Cellule d\u2019appui \u00e0 la petite for\u00eat priv\u00e9e, institu\u00e9e au sein de Fili\u00e8re Bois Wallonie (capfp.be).<\/div>\n\t\t\t\t<\/div>\n\t\t\t\t\t\t\t<div class=\"elementor-toggle-item\">\n\t\t\t\t\t<div id=\"elementor-tab-title-1222\" class=\"elementor-tab-title\" data-tab=\"2\" role=\"button\" aria-controls=\"elementor-tab-content-1222\" aria-expanded=\"false\">\n\t\t\t\t\t\t\t\t\t\t\t\t<span class=\"elementor-toggle-icon elementor-toggle-icon-left\" aria-hidden=\"true\">\n\t\t\t\t\t\t\t\t\t\t\t\t\t\t\t<span class=\"elementor-toggle-icon-closed\"><i class=\"far fa-question-circle\"><\/i><\/span>\n\t\t\t\t\t\t\t\t<span class=\"elementor-toggle-icon-opened\"><i class=\"elementor-toggle-icon-opened fas fa-angle-double-up\"><\/i><\/span>\n\t\t\t\t\t\t\t\t\t\t\t\t\t<\/span>\n\t\t\t\t\t\t\t\t\t\t\t\t<a class=\"elementor-toggle-title\" tabindex=\"0\">QUE COUVRE LE FORFAIT \u00c0 L\u2019ACCOMPAGNEMENT ?\u200b<\/a>\n\t\t\t\t\t<\/div>\n\n\t\t\t\t\t<div id=\"elementor-tab-content-1222\" class=\"elementor-tab-content elementor-clearfix\" data-tab=\"2\" role=\"region\" aria-labelledby=\"elementor-tab-title-1222\"><p>Le forfait compl\u00e9mentaire \u00e0 l\u2019accompagnement est octroy\u00e9 :<\/p><ul><li>Pour autant que le dossier \u00ab For\u00eat r\u00e9siliente \u00bb d\u00e9pos\u00e9 soit jug\u00e9 complet et \u00e9ligible par le Comit\u00e9 de suivi<\/li><li>Sur pr\u00e9sentation de la facture de l\u2019expert \u00e0 qui la mission a \u00e9t\u00e9 confi\u00e9e<\/li><li>Que le projet soit s\u00e9lectionn\u00e9 ou non pour l\u2019un des 4 forfaits \u00ab For\u00eat r\u00e9siliente \u00bb<\/li><li>Dans les limites du budget disponible<\/li><\/ul><\/div>\n\t\t\t\t<\/div>\n\t\t\t\t\t\t\t<div class=\"elementor-toggle-item\">\n\t\t\t\t\t<div id=\"elementor-tab-title-1223\" class=\"elementor-tab-title\" data-tab=\"3\" role=\"button\" aria-controls=\"elementor-tab-content-1223\" aria-expanded=\"false\">\n\t\t\t\t\t\t\t\t\t\t\t\t<span class=\"elementor-toggle-icon elementor-toggle-icon-left\" aria-hidden=\"true\">\n\t\t\t\t\t\t\t\t\t\t\t\t\t\t\t<span class=\"elementor-toggle-icon-closed\"><i class=\"far fa-question-circle\"><\/i><\/span>\n\t\t\t\t\t\t\t\t<span class=\"elementor-toggle-icon-opened\"><i class=\"elementor-toggle-icon-opened fas fa-angle-double-up\"><\/i><\/span>\n\t\t\t\t\t\t\t\t\t\t\t\t\t<\/span>\n\t\t\t\t\t\t\t\t\t\t\t\t<a class=\"elementor-toggle-title\" tabindex=\"0\">QUEL EST LE MONTANT DU FORFAIT \u00c0 L\u2019ACCOMPAGNEMENT ?\u200b<\/a>\n\t\t\t\t\t<\/div>\n\n\t\t\t\t\t<div id=\"elementor-tab-content-1223\" class=\"elementor-tab-content elementor-clearfix\" data-tab=\"3\" role=\"region\" aria-labelledby=\"elementor-tab-title-1223\"><p>Les montants \u00e9ligibles sont limit\u00e9s \u00e0 :<br \/>\u2022 80 % des d\u00e9penses pour la premi\u00e8re tranche de 300 \u20ac d\u00e9pens\u00e9s pour l\u2019expertise<br \/>\u2022 60 % des d\u00e9penses pour la seconde tranche de 300 \u20ac<br \/><br \/>Pour une facture de 600 \u20ac (2 tranches de 300 \u20ac), cela correspond \u00e0 un financement net maximum de 240 \u20ac pour la premi\u00e8re tranche et 180 \u20ac pour la suivante.<\/p><\/div>\n\t\t\t\t<\/div>\n\t\t\t\t\t\t\t<div class=\"elementor-toggle-item\">\n\t\t\t\t\t<div id=\"elementor-tab-title-1224\" class=\"elementor-tab-title\" data-tab=\"4\" role=\"button\" aria-controls=\"elementor-tab-content-1224\" aria-expanded=\"false\">\n\t\t\t\t\t\t\t\t\t\t\t\t<span class=\"elementor-toggle-icon elementor-toggle-icon-left\" aria-hidden=\"true\">\n\t\t\t\t\t\t\t\t\t\t\t\t\t\t\t<span class=\"elementor-toggle-icon-closed\"><i class=\"far fa-question-circle\"><\/i><\/span>\n\t\t\t\t\t\t\t\t<span class=\"elementor-toggle-icon-opened\"><i class=\"elementor-toggle-icon-opened fas fa-angle-double-up\"><\/i><\/span>\n\t\t\t\t\t\t\t\t\t\t\t\t\t<\/span>\n\t\t\t\t\t\t\t\t\t\t\t\t<a class=\"elementor-toggle-title\" tabindex=\"0\">QUELS OUTILS PEUVENT ME PERMETTRE DE REMPLIR MON DOSSIER ?\u200b<\/a>\n\t\t\t\t\t<\/div>\n\n\t\t\t\t\t<div id=\"elementor-tab-content-1224\" class=\"elementor-tab-content elementor-clearfix\" data-tab=\"4\" role=\"region\" aria-labelledby=\"elementor-tab-title-1224\"><ul><li><a href=\"https:\/\/geoportail.wallonie.be\/walonmap\" target=\"_blank\" rel=\"noopener\">WalOnMap<\/a> ou <a href=\"https:\/\/www.maproprieteforestiere.be\/home\" target=\"_blank\" rel=\"noopener\">maproprieteforestiere.be,<\/a> pour d\u00e9crire et cartographier votre parcelle<\/li><li><a href=\"http:\/\/www.fichierecologique.be\/\" target=\"_blank\" rel=\"noopener\">fichierecologique.be<\/a>, pour d\u00e9terminer l&#8217;ad\u00e9quation entre station et essence foresti\u00e8re<\/li><\/ul><\/div>\n\t\t\t\t<\/div>\n\t\t\t\t\t\t\t\t<\/div>\n\t\t\t\t<\/div>\n\t\t\t\t<\/div>\n\t\t\t\t<div class=\"elementor-element elementor-element-a400963 elementor-widget elementor-widget-heading\" data-id=\"a400963\" data-element_type=\"widget\" data-widget_type=\"heading.default\">\n\t\t\t\t<div class=\"elementor-widget-container\">\n\t\t\t<h2 class=\"elementor-heading-title elementor-size-default\">FORMULAIRE<\/h2>\t\t<\/div>\n\t\t\t\t<\/div>\n\t\t\t\t<div class=\"elementor-element elementor-element-7534a4b elementor-widget elementor-widget-toggle\" data-id=\"7534a4b\" data-element_type=\"widget\" data-widget_type=\"toggle.default\">\n\t\t\t\t<div class=\"elementor-widget-container\">\n\t\t\t\t\t<div class=\"elementor-toggle\">\n\t\t\t\t\t\t\t<div class=\"elementor-toggle-item\">\n\t\t\t\t\t<div id=\"elementor-tab-title-1221\" class=\"elementor-tab-title\" data-tab=\"1\" role=\"button\" aria-controls=\"elementor-tab-content-1221\" aria-expanded=\"false\">\n\t\t\t\t\t\t\t\t\t\t\t\t<span class=\"elementor-toggle-icon elementor-toggle-icon-left\" aria-hidden=\"true\">\n\t\t\t\t\t\t\t\t\t\t\t\t\t\t\t<span class=\"elementor-toggle-icon-closed\"><i class=\"far fa-question-circle\"><\/i><\/span>\n\t\t\t\t\t\t\t\t<span class=\"elementor-toggle-icon-opened\"><i class=\"elementor-toggle-icon-opened fas fa-angle-double-up\"><\/i><\/span>\n\t\t\t\t\t\t\t\t\t\t\t\t\t<\/span>\n\t\t\t\t\t\t\t\t\t\t\t\t<a class=\"elementor-toggle-title\" tabindex=\"0\">COMMENT PUIS-JE PR\u00c9PARER MES R\u00c9PONSES AVANT DE REMPLIR LE FORMULAIRE \u00c9LECTRONIQUE ?<\/a>\n\t\t\t\t\t<\/div>\n\n\t\t\t\t\t<div id=\"elementor-tab-content-1221\" class=\"elementor-tab-content elementor-clearfix\" data-tab=\"1\" role=\"region\" aria-labelledby=\"elementor-tab-title-1221\">Un <a href=\"https:\/\/foretresiliente.be\/#soumettre\" target=\"_blank\" rel=\"noopener\">tutoriel<\/a> est \u00e0 votre disposition pour pr\u00e9parer votre candidature. Seuls les dossiers rentr\u00e9s via le <a href=\"https:\/\/foretresiliente.be\/#soumettre\" target=\"_blank\" rel=\"noopener\">formulaire \u00e9lectronique<\/a> sont pris en compte.<\/div>\n\t\t\t\t<\/div>\n\t\t\t\t\t\t\t<div class=\"elementor-toggle-item\">\n\t\t\t\t\t<div id=\"elementor-tab-title-1222\" class=\"elementor-tab-title\" data-tab=\"2\" role=\"button\" aria-controls=\"elementor-tab-content-1222\" aria-expanded=\"false\">\n\t\t\t\t\t\t\t\t\t\t\t\t<span class=\"elementor-toggle-icon elementor-toggle-icon-left\" aria-hidden=\"true\">\n\t\t\t\t\t\t\t\t\t\t\t\t\t\t\t<span class=\"elementor-toggle-icon-closed\"><i class=\"far fa-question-circle\"><\/i><\/span>\n\t\t\t\t\t\t\t\t<span class=\"elementor-toggle-icon-opened\"><i class=\"elementor-toggle-icon-opened fas fa-angle-double-up\"><\/i><\/span>\n\t\t\t\t\t\t\t\t\t\t\t\t\t<\/span>\n\t\t\t\t\t\t\t\t\t\t\t\t<a class=\"elementor-toggle-title\" tabindex=\"0\">EXTRAIT DE MATRICE CADASTRALE : QUELLE ANCIENNET\u00c9 MAXIMALE ? UNE LISTE DE PARCELLES FOURNIE PAR LE CADASTRE CONVIENT-ELLE ?<\/a>\n\t\t\t\t\t<\/div>\n\n\t\t\t\t\t<div id=\"elementor-tab-content-1222\" class=\"elementor-tab-content elementor-clearfix\" data-tab=\"2\" role=\"region\" aria-labelledby=\"elementor-tab-title-1222\"><p>Le demandeur doit prouver qu\u2019il est propri\u00e9taire du bien pour lequel le forfait est demand\u00e9. Les r\u00e9f\u00e9rences cadastrales doivent donc \u00eatre actuelles.<\/p><\/div>\n\t\t\t\t<\/div>\n\t\t\t\t\t\t\t<div class=\"elementor-toggle-item\">\n\t\t\t\t\t<div id=\"elementor-tab-title-1223\" class=\"elementor-tab-title\" data-tab=\"3\" role=\"button\" aria-controls=\"elementor-tab-content-1223\" aria-expanded=\"false\">\n\t\t\t\t\t\t\t\t\t\t\t\t<span class=\"elementor-toggle-icon elementor-toggle-icon-left\" aria-hidden=\"true\">\n\t\t\t\t\t\t\t\t\t\t\t\t\t\t\t<span class=\"elementor-toggle-icon-closed\"><i class=\"far fa-question-circle\"><\/i><\/span>\n\t\t\t\t\t\t\t\t<span class=\"elementor-toggle-icon-opened\"><i class=\"elementor-toggle-icon-opened fas fa-angle-double-up\"><\/i><\/span>\n\t\t\t\t\t\t\t\t\t\t\t\t\t<\/span>\n\t\t\t\t\t\t\t\t\t\t\t\t<a class=\"elementor-toggle-title\" tabindex=\"0\">MA PARCELLE PR\u00c9SENTE PLUSIEURS TYPES DE SOLS, DOIS-JE TOUS LES INDIQUER LORS DE MA DEMANDE ?<\/a>\n\t\t\t\t\t<\/div>\n\n\t\t\t\t\t<div id=\"elementor-tab-content-1223\" class=\"elementor-tab-content elementor-clearfix\" data-tab=\"3\" role=\"region\" aria-labelledby=\"elementor-tab-title-1223\"><p>Si les sols de votre parcelle diff\u00e8rent fortement, vous devez la scinder en sous-parcelles car l\u2019ad\u00e9quation des essences en d\u00e9pend.<\/p><\/div>\n\t\t\t\t<\/div>\n\t\t\t\t\t\t\t\t<\/div>\n\t\t\t\t<\/div>\n\t\t\t\t<\/div>\n\t\t\t\t<div class=\"elementor-element elementor-element-5b66f01 elementor-widget elementor-widget-heading\" data-id=\"5b66f01\" data-element_type=\"widget\" data-widget_type=\"heading.default\">\n\t\t\t\t<div class=\"elementor-widget-container\">\n\t\t\t<h2 class=\"elementor-heading-title elementor-size-default\">ASPECTS SYLVICOLES<\/h2>\t\t<\/div>\n\t\t\t\t<\/div>\n\t\t\t\t<div class=\"elementor-element elementor-element-7aaee34 elementor-widget elementor-widget-toggle\" data-id=\"7aaee34\" data-element_type=\"widget\" data-widget_type=\"toggle.default\">\n\t\t\t\t<div class=\"elementor-widget-container\">\n\t\t\t\t\t<div class=\"elementor-toggle\">\n\t\t\t\t\t\t\t<div class=\"elementor-toggle-item\">\n\t\t\t\t\t<div id=\"elementor-tab-title-1281\" class=\"elementor-tab-title\" data-tab=\"1\" role=\"button\" aria-controls=\"elementor-tab-content-1281\" aria-expanded=\"false\">\n\t\t\t\t\t\t\t\t\t\t\t\t<span class=\"elementor-toggle-icon elementor-toggle-icon-left\" aria-hidden=\"true\">\n\t\t\t\t\t\t\t\t\t\t\t\t\t\t\t<span class=\"elementor-toggle-icon-closed\"><i class=\"far fa-question-circle\"><\/i><\/span>\n\t\t\t\t\t\t\t\t<span class=\"elementor-toggle-icon-opened\"><i class=\"elementor-toggle-icon-opened fas fa-angle-double-up\"><\/i><\/span>\n\t\t\t\t\t\t\t\t\t\t\t\t\t<\/span>\n\t\t\t\t\t\t\t\t\t\t\t\t<a class=\"elementor-toggle-title\" tabindex=\"0\">EST-CE QUE JE PEUX PLANTER DU R\u00c9SINEUX ?\u200b<\/a>\n\t\t\t\t\t<\/div>\n\n\t\t\t\t\t<div id=\"elementor-tab-content-1281\" class=\"elementor-tab-content elementor-clearfix\" data-tab=\"1\" role=\"region\" aria-labelledby=\"elementor-tab-title-1281\"><p>Plusieurs essences r\u00e9sineuses sont \u00e9ligibles et peuvent \u00eatre plant\u00e9es si elles sont en ad\u00e9quation stationnelle (<a href=\"http:\/\/fichierecologique.be\/\" target=\"_blank\" rel=\"noopener\">fichierecologique.be<\/a>).<\/p><\/div>\n\t\t\t\t<\/div>\n\t\t\t\t\t\t\t<div class=\"elementor-toggle-item\">\n\t\t\t\t\t<div id=\"elementor-tab-title-1282\" class=\"elementor-tab-title\" data-tab=\"2\" role=\"button\" aria-controls=\"elementor-tab-content-1282\" aria-expanded=\"false\">\n\t\t\t\t\t\t\t\t\t\t\t\t<span class=\"elementor-toggle-icon elementor-toggle-icon-left\" aria-hidden=\"true\">\n\t\t\t\t\t\t\t\t\t\t\t\t\t\t\t<span class=\"elementor-toggle-icon-closed\"><i class=\"far fa-question-circle\"><\/i><\/span>\n\t\t\t\t\t\t\t\t<span class=\"elementor-toggle-icon-opened\"><i class=\"elementor-toggle-icon-opened fas fa-angle-double-up\"><\/i><\/span>\n\t\t\t\t\t\t\t\t\t\t\t\t\t<\/span>\n\t\t\t\t\t\t\t\t\t\t\t\t<a class=\"elementor-toggle-title\" tabindex=\"0\">QU\u2019EST-CE QU\u2019UNE ESSENCE BIOG\u00c8NE ?\u200b<\/a>\n\t\t\t\t\t<\/div>\n\n\t\t\t\t\t<div id=\"elementor-tab-content-1282\" class=\"elementor-tab-content elementor-clearfix\" data-tab=\"2\" role=\"region\" aria-labelledby=\"elementor-tab-title-1282\">Les essences biog\u00e8nes sont les essences les plus favorables \u00e0 la biodiversit\u00e9. Elles sont reprises dans le tableau des essences \u00e9ligibles (voir <a href=\"https:\/\/foretresiliente.be\/wp-content\/uploads\/2024\/04\/FR4-officiel-FR2.pdf\" target=\"_blank\" rel=\"noopener\">document officiel de l\u2019Appel \u00e0 projets<\/a>).<\/div>\n\t\t\t\t<\/div>\n\t\t\t\t\t\t\t<div class=\"elementor-toggle-item\">\n\t\t\t\t\t<div id=\"elementor-tab-title-1283\" class=\"elementor-tab-title\" data-tab=\"3\" role=\"button\" aria-controls=\"elementor-tab-content-1283\" aria-expanded=\"false\">\n\t\t\t\t\t\t\t\t\t\t\t\t<span class=\"elementor-toggle-icon elementor-toggle-icon-left\" aria-hidden=\"true\">\n\t\t\t\t\t\t\t\t\t\t\t\t\t\t\t<span class=\"elementor-toggle-icon-closed\"><i class=\"far fa-question-circle\"><\/i><\/span>\n\t\t\t\t\t\t\t\t<span class=\"elementor-toggle-icon-opened\"><i class=\"elementor-toggle-icon-opened fas fa-angle-double-up\"><\/i><\/span>\n\t\t\t\t\t\t\t\t\t\t\t\t\t<\/span>\n\t\t\t\t\t\t\t\t\t\t\t\t<a class=\"elementor-toggle-title\" tabindex=\"0\">SUR BASE DE QUELS CRIT\u00c8RES SCIENTIFIQUES ET TECHNIQUES A \u00c9T\u00c9 \u00c9TABLIE LA DISTINCTION ENTRE ESSENCES BIOG\u00c8NES ET NON-BIOG\u00c8NES ?<\/a>\n\t\t\t\t\t<\/div>\n\n\t\t\t\t\t<div id=\"elementor-tab-content-1283\" class=\"elementor-tab-content elementor-clearfix\" data-tab=\"3\" role=\"region\" aria-labelledby=\"elementor-tab-title-1283\"><p>L\u2019origine et la signification des \u00ab essences biog\u00e8nes et non biog\u00e8nes \u00bb ainsi que les crit\u00e8res qui ont d\u00e9termin\u00e9 le classement des essences en deux cat\u00e9gories provient de trois sources : la circulaire biodiversit\u00e9, le Fichier \u00e9cologique des essences et l\u2019avis des diff\u00e9rents experts consult\u00e9s.<\/p><\/div>\n\t\t\t\t<\/div>\n\t\t\t\t\t\t\t<div class=\"elementor-toggle-item\">\n\t\t\t\t\t<div id=\"elementor-tab-title-1284\" class=\"elementor-tab-title\" data-tab=\"4\" role=\"button\" aria-controls=\"elementor-tab-content-1284\" aria-expanded=\"false\">\n\t\t\t\t\t\t\t\t\t\t\t\t<span class=\"elementor-toggle-icon elementor-toggle-icon-left\" aria-hidden=\"true\">\n\t\t\t\t\t\t\t\t\t\t\t\t\t\t\t<span class=\"elementor-toggle-icon-closed\"><i class=\"far fa-question-circle\"><\/i><\/span>\n\t\t\t\t\t\t\t\t<span class=\"elementor-toggle-icon-opened\"><i class=\"elementor-toggle-icon-opened fas fa-angle-double-up\"><\/i><\/span>\n\t\t\t\t\t\t\t\t\t\t\t\t\t<\/span>\n\t\t\t\t\t\t\t\t\t\t\t\t<a class=\"elementor-toggle-title\" tabindex=\"0\">LES ESSENCES PRODUCTIVES \u00c9LIGIBLES S\u00c9LECTIONN\u00c9ES DOIVENT \u00caTRE EN BONNE AD\u00c9QUATION STATIONNELLE : PARLE-T-ON ICI DES ESSENCES \u00ab N\u00c9CESSAIRES \u00bb \u00c0 L'\u00c9LIGIBILIT\u00c9 \u00c0 L\u2019UN OU L'AUTRE FORFAIT (PAR EXEMPLE : 3 ESSENCES BIOG\u00c8NES) OU TOUTES LES ESSENCES PLANT\u00c9ES ?<\/a>\n\t\t\t\t\t<\/div>\n\n\t\t\t\t\t<div id=\"elementor-tab-content-1284\" class=\"elementor-tab-content elementor-clearfix\" data-tab=\"4\" role=\"region\" aria-labelledby=\"elementor-tab-title-1284\"><p>Pour l\u2019obtention du subside, seules sont consid\u00e9r\u00e9es les essences n\u00e9cessaires. N\u00e9anmoins, il est obligatoire que les autres essences plant\u00e9es soient en station. L\u2019article 40 du code forestier interdit de planter des essences qui ne seraient pas en optimum, tol\u00e9rance ou tol\u00e9rance \u00e9largie selon le Fichier \u00e9cologique des essences.<\/p><\/div>\n\t\t\t\t<\/div>\n\t\t\t\t\t\t\t<div class=\"elementor-toggle-item\">\n\t\t\t\t\t<div id=\"elementor-tab-title-1285\" class=\"elementor-tab-title\" data-tab=\"5\" role=\"button\" aria-controls=\"elementor-tab-content-1285\" aria-expanded=\"false\">\n\t\t\t\t\t\t\t\t\t\t\t\t<span class=\"elementor-toggle-icon elementor-toggle-icon-left\" aria-hidden=\"true\">\n\t\t\t\t\t\t\t\t\t\t\t\t\t\t\t<span class=\"elementor-toggle-icon-closed\"><i class=\"far fa-question-circle\"><\/i><\/span>\n\t\t\t\t\t\t\t\t<span class=\"elementor-toggle-icon-opened\"><i class=\"elementor-toggle-icon-opened fas fa-angle-double-up\"><\/i><\/span>\n\t\t\t\t\t\t\t\t\t\t\t\t\t<\/span>\n\t\t\t\t\t\t\t\t\t\t\t\t<a class=\"elementor-toggle-title\" tabindex=\"0\">QU\u2019ENTEND-ON PAR \u00ab SITUATION DE BLOCAGE DOCUMENT\u00c9E \u00bb ?<\/a>\n\t\t\t\t\t<\/div>\n\n\t\t\t\t\t<div id=\"elementor-tab-content-1285\" class=\"elementor-tab-content elementor-clearfix\" data-tab=\"5\" role=\"region\" aria-labelledby=\"elementor-tab-title-1285\">Le blocage de la r\u00e9g\u00e9n\u00e9ration justifiant le gyrobroyage en plein correspond \u00e0 l\u2019envahissement complet de la parcelle par la ronce, le gen\u00eat, la pr\u00e9sence de nombreux r\u00e9manents, la foug\u00e8re\u2026 emp\u00eachant la r\u00e9g\u00e9n\u00e9ration naturelle de s\u2019installer ou la reprise d\u2019une nouvelle plantation, sans l\u2019espoir de voir \u00e9voluer cette situation de blocage dans un futur proche. On entend par &#8220;document\u00e9e&#8221; plusieurs photos repr\u00e9sentatives de la situation.<\/div>\n\t\t\t\t<\/div>\n\t\t\t\t\t\t\t<div class=\"elementor-toggle-item\">\n\t\t\t\t\t<div id=\"elementor-tab-title-1286\" class=\"elementor-tab-title\" data-tab=\"6\" role=\"button\" aria-controls=\"elementor-tab-content-1286\" aria-expanded=\"false\">\n\t\t\t\t\t\t\t\t\t\t\t\t<span class=\"elementor-toggle-icon elementor-toggle-icon-left\" aria-hidden=\"true\">\n\t\t\t\t\t\t\t\t\t\t\t\t\t\t\t<span class=\"elementor-toggle-icon-closed\"><i class=\"far fa-question-circle\"><\/i><\/span>\n\t\t\t\t\t\t\t\t<span class=\"elementor-toggle-icon-opened\"><i class=\"elementor-toggle-icon-opened fas fa-angle-double-up\"><\/i><\/span>\n\t\t\t\t\t\t\t\t\t\t\t\t\t<\/span>\n\t\t\t\t\t\t\t\t\t\t\t\t<a class=\"elementor-toggle-title\" tabindex=\"0\">COMMENT D\u00c9TERMINER AUJOURD\u2019HUI L\u2019ITIN\u00c9RAIRE TECHNIQUE DE R\u00c9G\u00c9N\u00c9RATION SANS CONNA\u00ceTRE LE R\u00c9SULTAT FUTUR DE LA R\u00c9G\u00c9N\u00c9RATION NATURELLE ?<\/a>\n\t\t\t\t\t<\/div>\n\n\t\t\t\t\t<div id=\"elementor-tab-content-1286\" class=\"elementor-tab-content elementor-clearfix\" data-tab=\"6\" role=\"region\" aria-labelledby=\"elementor-tab-title-1286\"><p>Essences et itin\u00e9raire de r\u00e9g\u00e9n\u00e9ration doivent \u00eatre choisis lors de l\u2019introduction du dossier. Ils peuvent toutefois \u00eatre modifi\u00e9s par la suite moyennant l\u2019accord du Comit\u00e9 de suivi.<\/p><\/div>\n\t\t\t\t<\/div>\n\t\t\t\t\t\t\t<div class=\"elementor-toggle-item\">\n\t\t\t\t\t<div id=\"elementor-tab-title-1287\" class=\"elementor-tab-title\" data-tab=\"7\" role=\"button\" aria-controls=\"elementor-tab-content-1287\" aria-expanded=\"false\">\n\t\t\t\t\t\t\t\t\t\t\t\t<span class=\"elementor-toggle-icon elementor-toggle-icon-left\" aria-hidden=\"true\">\n\t\t\t\t\t\t\t\t\t\t\t\t\t\t\t<span class=\"elementor-toggle-icon-closed\"><i class=\"far fa-question-circle\"><\/i><\/span>\n\t\t\t\t\t\t\t\t<span class=\"elementor-toggle-icon-opened\"><i class=\"elementor-toggle-icon-opened fas fa-angle-double-up\"><\/i><\/span>\n\t\t\t\t\t\t\t\t\t\t\t\t\t<\/span>\n\t\t\t\t\t\t\t\t\t\t\t\t<a class=\"elementor-toggle-title\" tabindex=\"0\">EN CAS DE M\u00c9LANGE \u00c0 PLUS DE TROIS ESSENCES, QUEL POURCENTAGE INDIVIDUEL DE CHAQUE ESSENCE DOIS-JE PROPOSER DANS MON ITIN\u00c9RAIRE TECHNIQUE ?<\/a>\n\t\t\t\t\t<\/div>\n\n\t\t\t\t\t<div id=\"elementor-tab-content-1287\" class=\"elementor-tab-content elementor-clearfix\" data-tab=\"7\" role=\"region\" aria-labelledby=\"elementor-tab-title-1287\"><p>Le peuplement final doit \u00eatre constitu\u00e9 de 3 essences minimum (forfaits 1 \u00e0 3) et de 4 ou 5 essences biog\u00e8nes (forfait 4). Pour autant que les crit\u00e8res techniques du forfait soient respect\u00e9s, le demandeur est libre de proposer la r\u00e9partition qu\u2019il souhaite, pour autant qu\u2019il parvienne finalement \u00e0 un peuplement m\u00e9lang\u00e9 et r\u00e9silient.<\/p><\/div>\n\t\t\t\t<\/div>\n\t\t\t\t\t\t\t<div class=\"elementor-toggle-item\">\n\t\t\t\t\t<div id=\"elementor-tab-title-1288\" class=\"elementor-tab-title\" data-tab=\"8\" role=\"button\" aria-controls=\"elementor-tab-content-1288\" aria-expanded=\"false\">\n\t\t\t\t\t\t\t\t\t\t\t\t<span class=\"elementor-toggle-icon elementor-toggle-icon-left\" aria-hidden=\"true\">\n\t\t\t\t\t\t\t\t\t\t\t\t\t\t\t<span class=\"elementor-toggle-icon-closed\"><i class=\"far fa-question-circle\"><\/i><\/span>\n\t\t\t\t\t\t\t\t<span class=\"elementor-toggle-icon-opened\"><i class=\"elementor-toggle-icon-opened fas fa-angle-double-up\"><\/i><\/span>\n\t\t\t\t\t\t\t\t\t\t\t\t\t<\/span>\n\t\t\t\t\t\t\t\t\t\t\t\t<a class=\"elementor-toggle-title\" tabindex=\"0\">PUIS-JE PROPOSER DES ESSENCES EXOTIQUES COMME LE CH\u00caNE DE HONGRIE, LE CH\u00caNE DES MARAIS OU LE NOISETIER DE BYZANCE, PAR EXEMPLE ?<\/a>\n\t\t\t\t\t<\/div>\n\n\t\t\t\t\t<div id=\"elementor-tab-content-1288\" class=\"elementor-tab-content elementor-clearfix\" data-tab=\"8\" role=\"region\" aria-labelledby=\"elementor-tab-title-1288\"><p>Le texte de l\u2019appel \u00e0 projet stipule que : \u00ab <em>Toute essence ne figurant pas dans le Tableau 1 devra \u00eatre pr\u00e9alablement valid\u00e9e par le Comit\u00e9 de suivi<\/em> \u00bb. Le comit\u00e9 de suivi \u00e9valuera la proposition sur base d\u2019autres exp\u00e9riences r\u00e9alis\u00e9es dans des contextes semblables (autres propri\u00e9taires, exp\u00e9riences dans d\u2019autres pays au climat similaire\u2026).<\/p><\/div>\n\t\t\t\t<\/div>\n\t\t\t\t\t\t\t<div class=\"elementor-toggle-item\">\n\t\t\t\t\t<div id=\"elementor-tab-title-1289\" class=\"elementor-tab-title\" data-tab=\"9\" role=\"button\" aria-controls=\"elementor-tab-content-1289\" aria-expanded=\"false\">\n\t\t\t\t\t\t\t\t\t\t\t\t<span class=\"elementor-toggle-icon elementor-toggle-icon-left\" aria-hidden=\"true\">\n\t\t\t\t\t\t\t\t\t\t\t\t\t\t\t<span class=\"elementor-toggle-icon-closed\"><i class=\"far fa-question-circle\"><\/i><\/span>\n\t\t\t\t\t\t\t\t<span class=\"elementor-toggle-icon-opened\"><i class=\"elementor-toggle-icon-opened fas fa-angle-double-up\"><\/i><\/span>\n\t\t\t\t\t\t\t\t\t\t\t\t\t<\/span>\n\t\t\t\t\t\t\t\t\t\t\t\t<a class=\"elementor-toggle-title\" tabindex=\"0\">LES D\u00c9GAGEMENTS DOIVENT PR\u00c9SERVER LA R\u00c9G\u00c9N\u00c9RATION NATURELLE SUR 50 % DE LA SURFACE DE LA PARCELLE. MAIS QUE FAIRE S\u2019IL N\u2019Y A PAS DE R\u00c9G\u00c9N\u00c9RATION NATURELLE ?<\/a>\n\t\t\t\t\t<\/div>\n\n\t\t\t\t\t<div id=\"elementor-tab-content-1289\" class=\"elementor-tab-content elementor-clearfix\" data-tab=\"9\" role=\"region\" aria-labelledby=\"elementor-tab-title-1289\"><p>S\u2019il n\u2019y a pas de r\u00e9g\u00e9n\u00e9ration naturelle et qu\u2019il n\u2019y a pas de recru ligneux, pas besoin de d\u00e9gagement. En cas de plantation, le recru ligneux (essences d\u2019accompagnement) doit \u00eatre maintenu pour assurer une bonne couverture du sol et le maintien d\u2019une ambiance foresti\u00e8re. L\u2019appel \u00e0 projet stipule que : \u00ab<em> L\u2019itin\u00e9raire choisi (\u2026) ou valid\u00e9 par le Comit\u00e9 de suivi contribue au d\u00e9veloppement et au maintien d\u2019un recru ligneux d\u2019accompagnement diversifi\u00e9.<\/em> \u00bb<\/p><\/div>\n\t\t\t\t<\/div>\n\t\t\t\t\t\t\t<div class=\"elementor-toggle-item\">\n\t\t\t\t\t<div id=\"elementor-tab-title-12810\" class=\"elementor-tab-title\" data-tab=\"10\" role=\"button\" aria-controls=\"elementor-tab-content-12810\" aria-expanded=\"false\">\n\t\t\t\t\t\t\t\t\t\t\t\t<span class=\"elementor-toggle-icon elementor-toggle-icon-left\" aria-hidden=\"true\">\n\t\t\t\t\t\t\t\t\t\t\t\t\t\t\t<span class=\"elementor-toggle-icon-closed\"><i class=\"far fa-question-circle\"><\/i><\/span>\n\t\t\t\t\t\t\t\t<span class=\"elementor-toggle-icon-opened\"><i class=\"elementor-toggle-icon-opened fas fa-angle-double-up\"><\/i><\/span>\n\t\t\t\t\t\t\t\t\t\t\t\t\t<\/span>\n\t\t\t\t\t\t\t\t\t\t\t\t<a class=\"elementor-toggle-title\" tabindex=\"0\">PUIS-JE R\u00c9G\u00c9N\u00c9RER UNE ESSENCE D\u00c9FAVORIS\u00c9E PAR RAPPORT AUX CHANGEMENTS CLIMATIQUES (FORFAIT 2) EN DEHORS DE SON AIRE DE PR\u00c9DILECTION ?<\/a>\n\t\t\t\t\t<\/div>\n\n\t\t\t\t\t<div id=\"elementor-tab-content-12810\" class=\"elementor-tab-content elementor-clearfix\" data-tab=\"10\" role=\"region\" aria-labelledby=\"elementor-tab-title-12810\"><p>Les essences d\u00e9favoris\u00e9es par rapport au changement climatique sont \u00e0 \u00e9viter. Si elles sont utilis\u00e9es dans le cadre du forfait 2, elles doivent \u00eatre parfaitement en station. Si on prend l\u2019exemple de l\u2019\u00e9pic\u00e9a : \u00ab <em>Dans un contexte de changements climatiques, l\u2019aire de culture potentielle de l\u2019\u00e9pic\u00e9a pourrait donc \u00eatre strictement r\u00e9duite \u00e0 la r\u00e9gion ardennaise, en \u00e9vitant par ailleurs les stations trop expos\u00e9es \u00e0 la s\u00e9cheresse et \u00e0 la chaleur (versants chauds, hauts de pentes, etc.)<\/em> \u00bb. Donc, pour le forfait 2, l\u2019\u00e9pic\u00e9a pourrait \u00eatre accept\u00e9 en Haute Ardenne mais pas dans le Condroz, par exemple.<\/p><\/div>\n\t\t\t\t<\/div>\n\t\t\t\t\t\t\t<div class=\"elementor-toggle-item\">\n\t\t\t\t\t<div id=\"elementor-tab-title-12811\" class=\"elementor-tab-title\" data-tab=\"11\" role=\"button\" aria-controls=\"elementor-tab-content-12811\" aria-expanded=\"false\">\n\t\t\t\t\t\t\t\t\t\t\t\t<span class=\"elementor-toggle-icon elementor-toggle-icon-left\" aria-hidden=\"true\">\n\t\t\t\t\t\t\t\t\t\t\t\t\t\t\t<span class=\"elementor-toggle-icon-closed\"><i class=\"far fa-question-circle\"><\/i><\/span>\n\t\t\t\t\t\t\t\t<span class=\"elementor-toggle-icon-opened\"><i class=\"elementor-toggle-icon-opened fas fa-angle-double-up\"><\/i><\/span>\n\t\t\t\t\t\t\t\t\t\t\t\t\t<\/span>\n\t\t\t\t\t\t\t\t\t\t\t\t<a class=\"elementor-toggle-title\" tabindex=\"0\">POUR LE FORFAIT 3, AUCUNE ESSENCE NON BIOG\u00c8NE ET D\u00c9FAVORIS\u00c9E PAR RAPPORT AU CHANGEMENT CLIMATIQUE (TABLEAU 1) NE SONT AUTORIS\u00c9ES. CES DEUX CRIT\u00c8RES SONT-ILS CUMULATIFS ?<\/a>\n\t\t\t\t\t<\/div>\n\n\t\t\t\t\t<div id=\"elementor-tab-content-12811\" class=\"elementor-tab-content elementor-clearfix\" data-tab=\"11\" role=\"region\" aria-labelledby=\"elementor-tab-title-12811\"><p>Oui. Le h\u00eatre est donc autoris\u00e9, contrairement \u00e0 l\u2019\u00e9pic\u00e9a et au sapin pectin\u00e9 en plantation. En r\u00e9g\u00e9n\u00e9ration naturelle ces trois essences sont autoris\u00e9es si elles sont \u00e0 l\u2019optimum sur la station au sens de <a href=\"https:\/\/fichierecologique.be\/#!\/\" target=\"_blank\" rel=\"noopener\">fichierecologique.be<\/a>.<\/p><\/div>\n\t\t\t\t<\/div>\n\t\t\t\t\t\t\t\t<\/div>\n\t\t\t\t<\/div>\n\t\t\t\t<\/div>\n\t\t\t\t\t<\/div>\n\t\t<\/div>\n\t\t\t\t\t\t\t<\/div>\n\t\t<\/section>\n\t\t\t\t\t\t\t<\/div>\n\t\t","protected":false},"excerpt":{"rendered":"<p>FAQ L&#8217;APPEL \u00e0 PROJET QUI PEUT PR\u00c9TENDRE AU FORFAIT ? Les propri\u00e9taires priv\u00e9s d\u2019une for\u00eat situ\u00e9e en Wallonie, \u00e0 condition que leur parcelle :\u2022 Ait une surface d\u2019au moins 25 ares (un seul tenant ou plusieurs trou\u00e9es)\u2022 Ait fait l\u2019objet d\u2019une coupe entre le 1er janvier 2014 et le 31 mars 2024\u2022 Soit en zone [&hellip;]<\/p>\n","protected":false},"author":1,"featured_media":0,"parent":0,"menu_order":0,"comment_status":"closed","ping_status":"closed","template":"","meta":{"footnotes":""},"_links":{"self":[{"href":"https:\/\/foretresiliente.be\/index.php\/wp-json\/wp\/v2\/pages\/535"}],"collection":[{"href":"https:\/\/foretresiliente.be\/index.php\/wp-json\/wp\/v2\/pages"}],"about":[{"href":"https:\/\/foretresiliente.be\/index.php\/wp-json\/wp\/v2\/types\/page"}],"author":[{"embeddable":true,"href":"https:\/\/foretresiliente.be\/index.php\/wp-json\/wp\/v2\/users\/1"}],"replies":[{"embeddable":true,"href":"https:\/\/foretresiliente.be\/index.php\/wp-json\/wp\/v2\/comments?post=535"}],"version-history":[{"count":147,"href":"https:\/\/foretresiliente.be\/index.php\/wp-json\/wp\/v2\/pages\/535\/revisions"}],"predecessor-version":[{"id":1670,"href":"https:\/\/foretresiliente.be\/index.php\/wp-json\/wp\/v2\/pages\/535\/revisions\/1670"}],"wp:attachment":[{"href":"https:\/\/foretresiliente.be\/index.php\/wp-json\/wp\/v2\/media?parent=535"}],"curies":[{"name":"wp","href":"https:\/\/api.w.org\/{rel}","templated":true}]}}